{"id":7797,"date":"2024-09-30T15:27:18","date_gmt":"2024-09-30T15:27:18","guid":{"rendered":"https:\/\/dypall.com\/?post_type=country&#038;p=7797"},"modified":"2024-09-30T15:27:19","modified_gmt":"2024-09-30T15:27:19","slug":"sosyal-iklim-dernegi-social-climate-association","status":"publish","type":"country","link":"https:\/\/dypall.com\/tr\/country\/sosyal-iklim-dernegi-social-climate-association\/","title":{"rendered":"Sosyal \u0130klim Derne\u011fi  \u2047  Sosyal \u0130klim Derne\u011fi"},"content":{"rendered":"<p>Sosyal \u0130klim Derne\u011fi  \u2047  Sosyal \u0130klim Derne\u011fi, kuruldu\u011fu 2014 y\u0131l\u0131ndan bu yana gen\u00e7ler aras\u0131nda diyalog k\u00fclt\u00fcr\u00fcn\u00fcn geli\u015ftirilmesi, \u00e7ocuklar\u0131n ve gen\u00e7lerin haklar\u0131 ve kat\u0131l\u0131m\u0131, iklim eylemi ve adalet konular\u0131nda aktif olarak \u00e7al\u0131\u015fmaktad\u0131r. Sosyal \u0130klim ekibi 9 gen\u00e7 profesyonel, 20 gen\u00e7 y\u00f6netim kurulu \u00fcyesi ile faaliyet g\u00f6stermekte ve 10 farkl\u0131 \u015fehirde yakla\u015f\u0131k 7000 gen\u00e7 g\u00f6n\u00fcll\u00fc ile aktif olarak i\u015fbirli\u011fi yapmaktad\u0131r.<\/p>","protected":false},"excerpt":{"rendered":"<p>Sosyal \u0130klim Derne\u011fi  \u2047  Sosyal \u0130klim Derne\u011fi, kuruldu\u011fu 2014 y\u0131l\u0131ndan bu yana gen\u00e7ler aras\u0131nda diyalog k\u00fclt\u00fcr\u00fcn\u00fcn geli\u015ftirilmesi, \u00e7ocuklar\u0131n ve gen\u00e7lerin haklar\u0131 ve kat\u0131l\u0131m\u0131, iklim eylemi ve adalet konular\u0131nda aktif olarak \u00e7al\u0131\u015fmaktad\u0131r. Sosyal \u0130klim ekibi 9 gen\u00e7 profesyonel, 20 gen\u00e7 y\u00f6netim kurulu \u00fcyesi ile faaliyet g\u00f6steriyor ve aktif olarak i\u015fbirli\u011fi yap\u0131yor... <a class=\"more-link\" href=\"https:\/\/dypall.com\/tr\/country\/sosyal-iklim-dernegi-social-climate-association\/\">Okumaya devam et <span class=\"screen-reader-text\">Sosyal \u0130klim Derne\u011fi  \u2047  Sosyal \u0130klim Derne\u011fi<\/span><\/a><\/p>","protected":false},"featured_media":7798,"parent":0,"menu_order":0,"comment_status":"open","ping_status":"open","template":"","format":"standard","meta":{"_acf_changed":true},"country_category":[213],"lavel":[50],"profession":[51],"class_list":["post-7797","country","type-country","status-publish","format-standard","has-post-thumbnail","hentry","country_category-turkiye","lavel-senior","profession-civil-society-organizations","entry"],"acf":[],"yoast_head":"<!-- This site is optimized with the Yoast SEO plugin v22.8 - https:\/\/yoast.com\/wordpress\/plugins\/seo\/ -->\n<title>Sosyal \u0130klim Derne\u011fi - Social Climate Association - DYPALL Network<\/title>\n<meta name=\"robots\" content=\"index, follow, max-snippet:-1, max-image-preview:large, max-video-preview:-1\" \/>\n<link rel=\"canonical\" href=\"https:\/\/dypall.com\/tr\/country\/sosyal-iklim-dernegi-social-climate-association\/\" \/>\n<meta property=\"og:locale\" content=\"tr_TR\" \/>\n<meta property=\"og:type\" content=\"article\" \/>\n<meta property=\"og:title\" content=\"Sosyal \u0130klim Derne\u011fi - Social Climate Association - DYPALL Network\" \/>\n<meta property=\"og:description\" content=\"Since its establishment in 2014, Sosyal \u0130klim Derne\u011fi &#8211; Social Climate Association has been actively working on the development of a culture of dialogue among young people, the rights and participation of children and young people, climate action and justice. Social Climate team operates with 9 young professionals, 20 young board members and actively collaborates&hellip; Okumaya devam et Sosyal \u0130klim Derne\u011fi &#8211; Social Climate Association\" \/>\n<meta property=\"og:url\" content=\"https:\/\/dypall.com\/tr\/country\/sosyal-iklim-dernegi-social-climate-association\/\" \/>\n<meta property=\"og:site_name\" content=\"DYPALL Network\" \/>\n<meta property=\"article:modified_time\" content=\"2024-09-30T15:27:19+00:00\" \/>\n<meta property=\"og:image\" content=\"https:\/\/dypall.com\/wp-content\/uploads\/2024\/09\/Sosyal-Iklim-Logo-Png-Gaye-Tugruloz.png\" \/>\n\t<meta property=\"og:image:width\" content=\"512\" \/>\n\t<meta property=\"og:image:height\" content=\"512\" \/>\n\t<meta property=\"og:image:type\" content=\"image\/png\" \/>\n<meta name=\"twitter:card\" content=\"summary_large_image\" \/>\n<meta name=\"twitter:label1\" content=\"Est. reading time\" \/>\n\t<meta name=\"twitter:data1\" content=\"1 dakika\" \/>\n<script type=\"application\/ld+json\" class=\"yoast-schema-graph\">{\"@context\":\"https:\/\/schema.org\",\"@graph\":[{\"@type\":\"WebPage\",\"@id\":\"https:\/\/dypall.com\/country\/sosyal-iklim-dernegi-social-climate-association\/\",\"url\":\"https:\/\/dypall.com\/country\/sosyal-iklim-dernegi-social-climate-association\/\",\"name\":\"Sosyal \u0130klim Derne\u011fi - Social Climate Association - DYPALL Network\",\"isPartOf\":{\"@id\":\"https:\/\/dypall.com\/#website\"},\"primaryImageOfPage\":{\"@id\":\"https:\/\/dypall.com\/country\/sosyal-iklim-dernegi-social-climate-association\/#primaryimage\"},\"image\":{\"@id\":\"https:\/\/dypall.com\/country\/sosyal-iklim-dernegi-social-climate-association\/#primaryimage\"},\"thumbnailUrl\":\"https:\/\/dypall.com\/wp-content\/uploads\/2024\/09\/Sosyal-Iklim-Logo-Png-Gaye-Tugruloz.png\",\"datePublished\":\"2024-09-30T15:27:18+00:00\",\"dateModified\":\"2024-09-30T15:27:19+00:00\",\"breadcrumb\":{\"@id\":\"https:\/\/dypall.com\/country\/sosyal-iklim-dernegi-social-climate-association\/#breadcrumb\"},\"inLanguage\":\"tr\",\"potentialAction\":[{\"@type\":\"ReadAction\",\"target\":[\"https:\/\/dypall.com\/country\/sosyal-iklim-dernegi-social-climate-association\/\"]}]},{\"@type\":\"ImageObject\",\"inLanguage\":\"tr\",\"@id\":\"https:\/\/dypall.com\/country\/sosyal-iklim-dernegi-social-climate-association\/#primaryimage\",\"url\":\"https:\/\/dypall.com\/wp-content\/uploads\/2024\/09\/Sosyal-Iklim-Logo-Png-Gaye-Tugruloz.png\",\"contentUrl\":\"https:\/\/dypall.com\/wp-content\/uploads\/2024\/09\/Sosyal-Iklim-Logo-Png-Gaye-Tugruloz.png\",\"width\":512,\"height\":512},{\"@type\":\"BreadcrumbList\",\"@id\":\"https:\/\/dypall.com\/country\/sosyal-iklim-dernegi-social-climate-association\/#breadcrumb\",\"itemListElement\":[{\"@type\":\"ListItem\",\"position\":1,\"name\":\"Home\",\"item\":\"https:\/\/dypall.com\/\"},{\"@type\":\"ListItem\",\"position\":2,\"name\":\"Sosyal \u0130klim Derne\u011fi &#8211; Social Climate Association\"}]},{\"@type\":\"WebSite\",\"@id\":\"https:\/\/dypall.com\/#website\",\"url\":\"https:\/\/dypall.com\/\",\"name\":\"DYPALL Network\",\"description\":\"We are a European network of civil society organisations, municipalities and research institutions dedicated to improving democracy through youth participation.\",\"potentialAction\":[{\"@type\":\"SearchAction\",\"target\":{\"@type\":\"EntryPoint\",\"urlTemplate\":\"https:\/\/dypall.com\/?s={search_term_string}\"},\"query-input\":\"required name=search_term_string\"}],\"inLanguage\":\"tr\"}]}<\/script>\n<!-- \/ Yoast SEO plugin. -->","yoast_head_json":{"title":"Sosyal \u0130klim Derne\u011fi - Social Climate Association - DYPALL Network","robots":{"index":"index","follow":"follow","max-snippet":"max-snippet:-1","max-image-preview":"max-image-preview:large","max-video-preview":"max-video-preview:-1"},"canonical":"https:\/\/dypall.com\/tr\/country\/sosyal-iklim-dernegi-social-climate-association\/","og_locale":"tr_TR","og_type":"article","og_title":"Sosyal \u0130klim Derne\u011fi - Social Climate Association - DYPALL Network","og_description":"Since its establishment in 2014, Sosyal \u0130klim Derne\u011fi &#8211; Social Climate Association has been actively working on the development of a culture of dialogue among young people, the rights and participation of children and young people, climate action and justice. Social Climate team operates with 9 young professionals, 20 young board members and actively collaborates&hellip; Okumaya devam et Sosyal \u0130klim Derne\u011fi &#8211; Social Climate Association","og_url":"https:\/\/dypall.com\/tr\/country\/sosyal-iklim-dernegi-social-climate-association\/","og_site_name":"DYPALL Network","article_modified_time":"2024-09-30T15:27:19+00:00","og_image":[{"width":512,"height":512,"url":"https:\/\/dypall.com\/wp-content\/uploads\/2024\/09\/Sosyal-Iklim-Logo-Png-Gaye-Tugruloz.png","type":"image\/png"}],"twitter_card":"summary_large_image","twitter_misc":{"Est. reading time":"1 dakika"},"schema":{"@context":"https:\/\/schema.org","@graph":[{"@type":"WebPage","@id":"https:\/\/dypall.com\/country\/sosyal-iklim-dernegi-social-climate-association\/","url":"https:\/\/dypall.com\/country\/sosyal-iklim-dernegi-social-climate-association\/","name":"Sosyal \u0130klim Derne\u011fi - Social Climate Association - DYPALL Network","isPartOf":{"@id":"https:\/\/dypall.com\/#website"},"primaryImageOfPage":{"@id":"https:\/\/dypall.com\/country\/sosyal-iklim-dernegi-social-climate-association\/#primaryimage"},"image":{"@id":"https:\/\/dypall.com\/country\/sosyal-iklim-dernegi-social-climate-association\/#primaryimage"},"thumbnailUrl":"https:\/\/dypall.com\/wp-content\/uploads\/2024\/09\/Sosyal-Iklim-Logo-Png-Gaye-Tugruloz.png","datePublished":"2024-09-30T15:27:18+00:00","dateModified":"2024-09-30T15:27:19+00:00","breadcrumb":{"@id":"https:\/\/dypall.com\/country\/sosyal-iklim-dernegi-social-climate-association\/#breadcrumb"},"inLanguage":"tr","potentialAction":[{"@type":"ReadAction","target":["https:\/\/dypall.com\/country\/sosyal-iklim-dernegi-social-climate-association\/"]}]},{"@type":"ImageObject","inLanguage":"tr","@id":"https:\/\/dypall.com\/country\/sosyal-iklim-dernegi-social-climate-association\/#primaryimage","url":"https:\/\/dypall.com\/wp-content\/uploads\/2024\/09\/Sosyal-Iklim-Logo-Png-Gaye-Tugruloz.png","contentUrl":"https:\/\/dypall.com\/wp-content\/uploads\/2024\/09\/Sosyal-Iklim-Logo-Png-Gaye-Tugruloz.png","width":512,"height":512},{"@type":"BreadcrumbList","@id":"https:\/\/dypall.com\/country\/sosyal-iklim-dernegi-social-climate-association\/#breadcrumb","itemListElement":[{"@type":"ListItem","position":1,"name":"Home","item":"https:\/\/dypall.com\/"},{"@type":"ListItem","position":2,"name":"Sosyal \u0130klim Derne\u011fi &#8211; Social Climate Association"}]},{"@type":"WebSite","@id":"https:\/\/dypall.com\/#website","url":"https:\/\/dypall.com\/","name":"DYPALL Network","description":"We are a European network of civil society organisations, municipalities and research institutions dedicated to improving democracy through youth participation.","potentialAction":[{"@type":"SearchAction","target":{"@type":"EntryPoint","urlTemplate":"https:\/\/dypall.com\/?s={search_term_string}"},"query-input":"required name=search_term_string"}],"inLanguage":"tr"}]}},"jetpack_sharing_enabled":true,"_links":{"self":[{"href":"https:\/\/dypall.com\/tr\/wp-json\/wp\/v2\/country\/7797","targetHints":{"allow":["GET"]}}],"collection":[{"href":"https:\/\/dypall.com\/tr\/wp-json\/wp\/v2\/country"}],"about":[{"href":"https:\/\/dypall.com\/tr\/wp-json\/wp\/v2\/types\/country"}],"replies":[{"embeddable":true,"href":"https:\/\/dypall.com\/tr\/wp-json\/wp\/v2\/comments?post=7797"}],"wp:featuredmedia":[{"embeddable":true,"href":"https:\/\/dypall.com\/tr\/wp-json\/wp\/v2\/media\/7798"}],"wp:attachment":[{"href":"https:\/\/dypall.com\/tr\/wp-json\/wp\/v2\/media?parent=7797"}],"wp:term":[{"taxonomy":"country_category","embeddable":true,"href":"https:\/\/dypall.com\/tr\/wp-json\/wp\/v2\/country_category?post=7797"},{"taxonomy":"lavel","embeddable":true,"href":"https:\/\/dypall.com\/tr\/wp-json\/wp\/v2\/lavel?post=7797"},{"taxonomy":"profession","embeddable":true,"href":"https:\/\/dypall.com\/tr\/wp-json\/wp\/v2\/profession?post=7797"}],"curies":[{"name":"wp","href":"https:\/\/api.w.org\/{rel}","templated":true}]}}