{"id":7783,"date":"2024-09-30T15:18:25","date_gmt":"2024-09-30T15:18:25","guid":{"rendered":"https:\/\/dypall.com\/?post_type=country&#038;p=7783"},"modified":"2024-10-01T13:43:11","modified_gmt":"2024-10-01T13:43:11","slug":"asociacion-las-ninas-del-tul","status":"publish","type":"country","link":"https:\/\/dypall.com\/tr\/country\/asociacion-las-ninas-del-tul\/","title":{"rendered":"Las Ni\u00f1as del Tul Derne\u011fi"},"content":{"rendered":"<p>Las Ni\u00f1as del Tul, 2004 y\u0131l\u0131ndan bu yana Granada eyaletinde faaliyet g\u00f6steren kar amac\u0131 g\u00fctmeyen bir dernektir. Ana ama\u00e7, hem ki\u015fisel hem de toplumsal geli\u015fmeler i\u00e7in bir ara\u00e7 olarak kat\u0131l\u0131m\u0131 te\u015fvik etmektir. Yayg\u0131n e\u011fitim metodolojisini kullanarak gen\u00e7lerle \u00e7al\u0131\u015fma konusundaki geni\u015f deneyimi ile karakterizedir. Kapsay\u0131c\u0131l\u0131k, misyonumuzun do\u011fal bir par\u00e7as\u0131d\u0131r ve herkesin ko\u015fullar\u0131 ve ihtiya\u00e7lar\u0131 ne olursa olsun kat\u0131lma f\u0131rsatlar\u0131na sahip olmas\u0131n\u0131 sa\u011flar.<\/p>","protected":false},"excerpt":{"rendered":"<p>Las Ni\u00f1as del Tul, 2004 y\u0131l\u0131ndan bu yana Granada eyaletinde faaliyet g\u00f6steren kar amac\u0131 g\u00fctmeyen bir dernektir. Ana ama\u00e7, hem ki\u015fisel hem de toplumsal geli\u015fmeler i\u00e7in bir ara\u00e7 olarak kat\u0131l\u0131m\u0131 te\u015fvik etmektir. Yayg\u0131n e\u011fitim metodolojisini kullanarak gen\u00e7lerle \u00e7al\u0131\u015fma konusundaki geni\u015f deneyimi ile karakterizedir. Kapsay\u0131c\u0131l\u0131k bir... <a class=\"more-link\" href=\"https:\/\/dypall.com\/tr\/country\/asociacion-las-ninas-del-tul\/\">Okumaya devam et <span class=\"screen-reader-text\">Las Ni\u00f1as del Tul Derne\u011fi<\/span><\/a><\/p>","protected":false},"featured_media":7844,"parent":0,"menu_order":0,"comment_status":"open","ping_status":"open","template":"","format":"standard","meta":{"_acf_changed":true},"country_category":[222],"lavel":[50],"profession":[51],"class_list":["post-7783","country","type-country","status-publish","format-standard","has-post-thumbnail","hentry","country_category-spain","lavel-senior","profession-civil-society-organizations","entry"],"acf":[],"yoast_head":"<!-- This site is optimized with the Yoast SEO plugin v22.8 - https:\/\/yoast.com\/wordpress\/plugins\/seo\/ -->\n<title>Asociaci\u00f3n Las Ni\u00f1as del Tul - DYPALL Network<\/title>\n<meta name=\"robots\" content=\"index, follow, max-snippet:-1, max-image-preview:large, max-video-preview:-1\" \/>\n<link rel=\"canonical\" href=\"https:\/\/dypall.com\/tr\/country\/asociacion-las-ninas-del-tul\/\" \/>\n<meta property=\"og:locale\" content=\"tr_TR\" \/>\n<meta property=\"og:type\" content=\"article\" \/>\n<meta property=\"og:title\" content=\"Asociaci\u00f3n Las Ni\u00f1as del Tul - DYPALL Network\" \/>\n<meta property=\"og:description\" content=\"Las Ni\u00f1as del Tul is a non-profit association carrying out activities in the province of Granada since 2004. The main goal is to promote participation as a tool for both personal and community developments. It is characterized by its extensive experience in working with young people, using the methodology of non-formal education. Inclusion is an&hellip; Okumaya devam et Asociaci\u00f3n Las Ni\u00f1as del Tul\" \/>\n<meta property=\"og:url\" content=\"https:\/\/dypall.com\/tr\/country\/asociacion-las-ninas-del-tul\/\" \/>\n<meta property=\"og:site_name\" content=\"DYPALL Network\" \/>\n<meta property=\"article:modified_time\" content=\"2024-10-01T13:43:11+00:00\" \/>\n<meta property=\"og:image\" content=\"https:\/\/dypall.com\/wp-content\/uploads\/2024\/09\/Design-sem-nome-35.png\" \/>\n\t<meta property=\"og:image:width\" content=\"500\" \/>\n\t<meta property=\"og:image:height\" content=\"500\" \/>\n\t<meta property=\"og:image:type\" content=\"image\/png\" \/>\n<meta name=\"twitter:card\" content=\"summary_large_image\" \/>\n<meta name=\"twitter:label1\" content=\"Est. reading time\" \/>\n\t<meta name=\"twitter:data1\" content=\"1 dakika\" \/>\n<script type=\"application\/ld+json\" class=\"yoast-schema-graph\">{\"@context\":\"https:\/\/schema.org\",\"@graph\":[{\"@type\":\"WebPage\",\"@id\":\"https:\/\/dypall.com\/country\/asociacion-las-ninas-del-tul\/\",\"url\":\"https:\/\/dypall.com\/country\/asociacion-las-ninas-del-tul\/\",\"name\":\"Asociaci\u00f3n Las Ni\u00f1as del Tul - DYPALL Network\",\"isPartOf\":{\"@id\":\"https:\/\/dypall.com\/#website\"},\"primaryImageOfPage\":{\"@id\":\"https:\/\/dypall.com\/country\/asociacion-las-ninas-del-tul\/#primaryimage\"},\"image\":{\"@id\":\"https:\/\/dypall.com\/country\/asociacion-las-ninas-del-tul\/#primaryimage\"},\"thumbnailUrl\":\"https:\/\/dypall.com\/wp-content\/uploads\/2024\/09\/Design-sem-nome-35.png\",\"datePublished\":\"2024-09-30T15:18:25+00:00\",\"dateModified\":\"2024-10-01T13:43:11+00:00\",\"breadcrumb\":{\"@id\":\"https:\/\/dypall.com\/country\/asociacion-las-ninas-del-tul\/#breadcrumb\"},\"inLanguage\":\"tr\",\"potentialAction\":[{\"@type\":\"ReadAction\",\"target\":[\"https:\/\/dypall.com\/country\/asociacion-las-ninas-del-tul\/\"]}]},{\"@type\":\"ImageObject\",\"inLanguage\":\"tr\",\"@id\":\"https:\/\/dypall.com\/country\/asociacion-las-ninas-del-tul\/#primaryimage\",\"url\":\"https:\/\/dypall.com\/wp-content\/uploads\/2024\/09\/Design-sem-nome-35.png\",\"contentUrl\":\"https:\/\/dypall.com\/wp-content\/uploads\/2024\/09\/Design-sem-nome-35.png\",\"width\":500,\"height\":500},{\"@type\":\"BreadcrumbList\",\"@id\":\"https:\/\/dypall.com\/country\/asociacion-las-ninas-del-tul\/#breadcrumb\",\"itemListElement\":[{\"@type\":\"ListItem\",\"position\":1,\"name\":\"Home\",\"item\":\"https:\/\/dypall.com\/\"},{\"@type\":\"ListItem\",\"position\":2,\"name\":\"Asociaci\u00f3n Las Ni\u00f1as del Tul\"}]},{\"@type\":\"WebSite\",\"@id\":\"https:\/\/dypall.com\/#website\",\"url\":\"https:\/\/dypall.com\/\",\"name\":\"DYPALL Network\",\"description\":\"We are a European network of civil society organisations, municipalities and research institutions dedicated to improving democracy through youth participation.\",\"potentialAction\":[{\"@type\":\"SearchAction\",\"target\":{\"@type\":\"EntryPoint\",\"urlTemplate\":\"https:\/\/dypall.com\/?s={search_term_string}\"},\"query-input\":\"required name=search_term_string\"}],\"inLanguage\":\"tr\"}]}<\/script>\n<!-- \/ Yoast SEO plugin. -->","yoast_head_json":{"title":"Asociaci\u00f3n Las Ni\u00f1as del Tul - DYPALL Network","robots":{"index":"index","follow":"follow","max-snippet":"max-snippet:-1","max-image-preview":"max-image-preview:large","max-video-preview":"max-video-preview:-1"},"canonical":"https:\/\/dypall.com\/tr\/country\/asociacion-las-ninas-del-tul\/","og_locale":"tr_TR","og_type":"article","og_title":"Asociaci\u00f3n Las Ni\u00f1as del Tul - DYPALL Network","og_description":"Las Ni\u00f1as del Tul is a non-profit association carrying out activities in the province of Granada since 2004. The main goal is to promote participation as a tool for both personal and community developments. It is characterized by its extensive experience in working with young people, using the methodology of non-formal education. Inclusion is an&hellip; Okumaya devam et Asociaci\u00f3n Las Ni\u00f1as del Tul","og_url":"https:\/\/dypall.com\/tr\/country\/asociacion-las-ninas-del-tul\/","og_site_name":"DYPALL Network","article_modified_time":"2024-10-01T13:43:11+00:00","og_image":[{"width":500,"height":500,"url":"https:\/\/dypall.com\/wp-content\/uploads\/2024\/09\/Design-sem-nome-35.png","type":"image\/png"}],"twitter_card":"summary_large_image","twitter_misc":{"Est. reading time":"1 dakika"},"schema":{"@context":"https:\/\/schema.org","@graph":[{"@type":"WebPage","@id":"https:\/\/dypall.com\/country\/asociacion-las-ninas-del-tul\/","url":"https:\/\/dypall.com\/country\/asociacion-las-ninas-del-tul\/","name":"Asociaci\u00f3n Las Ni\u00f1as del Tul - DYPALL Network","isPartOf":{"@id":"https:\/\/dypall.com\/#website"},"primaryImageOfPage":{"@id":"https:\/\/dypall.com\/country\/asociacion-las-ninas-del-tul\/#primaryimage"},"image":{"@id":"https:\/\/dypall.com\/country\/asociacion-las-ninas-del-tul\/#primaryimage"},"thumbnailUrl":"https:\/\/dypall.com\/wp-content\/uploads\/2024\/09\/Design-sem-nome-35.png","datePublished":"2024-09-30T15:18:25+00:00","dateModified":"2024-10-01T13:43:11+00:00","breadcrumb":{"@id":"https:\/\/dypall.com\/country\/asociacion-las-ninas-del-tul\/#breadcrumb"},"inLanguage":"tr","potentialAction":[{"@type":"ReadAction","target":["https:\/\/dypall.com\/country\/asociacion-las-ninas-del-tul\/"]}]},{"@type":"ImageObject","inLanguage":"tr","@id":"https:\/\/dypall.com\/country\/asociacion-las-ninas-del-tul\/#primaryimage","url":"https:\/\/dypall.com\/wp-content\/uploads\/2024\/09\/Design-sem-nome-35.png","contentUrl":"https:\/\/dypall.com\/wp-content\/uploads\/2024\/09\/Design-sem-nome-35.png","width":500,"height":500},{"@type":"BreadcrumbList","@id":"https:\/\/dypall.com\/country\/asociacion-las-ninas-del-tul\/#breadcrumb","itemListElement":[{"@type":"ListItem","position":1,"name":"Home","item":"https:\/\/dypall.com\/"},{"@type":"ListItem","position":2,"name":"Asociaci\u00f3n Las Ni\u00f1as del Tul"}]},{"@type":"WebSite","@id":"https:\/\/dypall.com\/#website","url":"https:\/\/dypall.com\/","name":"DYPALL Network","description":"We are a European network of civil society organisations, municipalities and research institutions dedicated to improving democracy through youth participation.","potentialAction":[{"@type":"SearchAction","target":{"@type":"EntryPoint","urlTemplate":"https:\/\/dypall.com\/?s={search_term_string}"},"query-input":"required name=search_term_string"}],"inLanguage":"tr"}]}},"jetpack_sharing_enabled":true,"_links":{"self":[{"href":"https:\/\/dypall.com\/tr\/wp-json\/wp\/v2\/country\/7783","targetHints":{"allow":["GET"]}}],"collection":[{"href":"https:\/\/dypall.com\/tr\/wp-json\/wp\/v2\/country"}],"about":[{"href":"https:\/\/dypall.com\/tr\/wp-json\/wp\/v2\/types\/country"}],"replies":[{"embeddable":true,"href":"https:\/\/dypall.com\/tr\/wp-json\/wp\/v2\/comments?post=7783"}],"wp:featuredmedia":[{"embeddable":true,"href":"https:\/\/dypall.com\/tr\/wp-json\/wp\/v2\/media\/7844"}],"wp:attachment":[{"href":"https:\/\/dypall.com\/tr\/wp-json\/wp\/v2\/media?parent=7783"}],"wp:term":[{"taxonomy":"country_category","embeddable":true,"href":"https:\/\/dypall.com\/tr\/wp-json\/wp\/v2\/country_category?post=7783"},{"taxonomy":"lavel","embeddable":true,"href":"https:\/\/dypall.com\/tr\/wp-json\/wp\/v2\/lavel?post=7783"},{"taxonomy":"profession","embeddable":true,"href":"https:\/\/dypall.com\/tr\/wp-json\/wp\/v2\/profession?post=7783"}],"curies":[{"name":"wp","href":"https:\/\/api.w.org\/{rel}","templated":true}]}}