{"id":7761,"date":"2024-09-30T15:04:50","date_gmt":"2024-09-30T15:04:50","guid":{"rendered":"https:\/\/dypall.com\/?post_type=country&#038;p=7761"},"modified":"2024-10-01T13:33:09","modified_gmt":"2024-10-01T13:33:09","slug":"camara-municipal-do-fundao","status":"publish","type":"country","link":"https:\/\/dypall.com\/tr\/country\/camara-municipal-do-fundao\/","title":{"rendered":"C\u00e2mara Belediye do Fund\u00e3o"},"content":{"rendered":"<p>Portekiz'in merkezinde bir belediye olarak Fund\u00e3o, n\u00fcfus azalmas\u0131 tehdidi alt\u0131nda, ancak g\u00fc\u00e7l\u00fc ve kararl\u0131 bir ak\u0131ll\u0131 b\u00f6lgesel yenilik ve gen\u00e7lik stratejisiyle, Portekiz'de referans olan, BT \u015firketlerini, gen\u00e7lik organizasyonlar\u0131n\u0131 ve ciddi bir mobilite b\u00f6lgesel HUB'yi \u00e7eken, start-up \u00fcreten ve y\u00fczlerce projeyi destekleyen bir inovasyon ekosistemi yaratt\u0131.<\/p>","protected":false},"excerpt":{"rendered":"<p>Portekiz'in merkezinde bir belediye olarak Fund\u00e3o, n\u00fcfus azalmas\u0131 tehdidi alt\u0131nda, ancak g\u00fc\u00e7l\u00fc ve kararl\u0131 bir ak\u0131ll\u0131 b\u00f6lgesel yenilik ve gen\u00e7lik stratejisi ile Portekiz'de referans olan, BT \u015firketlerini, gen\u00e7lik organizasyonlar\u0131n\u0131 ve ciddi bir mobilite b\u00f6lgesel HUB'yi \u00e7eken, yeni ba\u015flayanlar yaratan ve y\u00fczlerce projeyi destekleyen bir inovasyon ekosistemi yaratt\u0131. yat\u0131r\u0131m yaparken... <a class=\"more-link\" href=\"https:\/\/dypall.com\/tr\/country\/camara-municipal-do-fundao\/\">Okumaya devam et <span class=\"screen-reader-text\">C\u00e2mara Belediye do Fund\u00e3o<\/span><\/a><\/p>","protected":false},"featured_media":7838,"parent":0,"menu_order":0,"comment_status":"open","ping_status":"open","template":"","format":"standard","meta":{"_acf_changed":true},"country_category":[216],"lavel":[49],"profession":[52],"class_list":["post-7761","country","type-country","status-publish","format-standard","has-post-thumbnail","hentry","country_category-portugal","lavel-basic","profession-local-authorities","entry"],"acf":[],"yoast_head":"<!-- This site is optimized with the Yoast SEO plugin v22.8 - https:\/\/yoast.com\/wordpress\/plugins\/seo\/ -->\n<title>C\u00e2mara Municipal do Fund\u00e3o - DYPALL Network<\/title>\n<meta name=\"robots\" content=\"index, follow, max-snippet:-1, max-image-preview:large, max-video-preview:-1\" \/>\n<link rel=\"canonical\" href=\"https:\/\/dypall.com\/tr\/country\/camara-municipal-do-fundao\/\" \/>\n<meta property=\"og:locale\" content=\"tr_TR\" \/>\n<meta property=\"og:type\" content=\"article\" \/>\n<meta property=\"og:title\" content=\"C\u00e2mara Municipal do Fund\u00e3o - DYPALL Network\" \/>\n<meta property=\"og:description\" content=\"Fund\u00e3o as a municipality in the center of Portugal, threatened by depopulation, but with a strong and determined smart territorial innovation and youth strategy, has created an innovation ecosystem that is a reference in Portugal, attracting, IT companies, youth organizations and a serious mobility regional HUB, generating start-ups, and supporting hundreds of projects, while investing&hellip; Okumaya devam et C\u00e2mara Municipal do Fund\u00e3o\" \/>\n<meta property=\"og:url\" content=\"https:\/\/dypall.com\/tr\/country\/camara-municipal-do-fundao\/\" \/>\n<meta property=\"og:site_name\" content=\"DYPALL Network\" \/>\n<meta property=\"article:modified_time\" content=\"2024-10-01T13:33:09+00:00\" \/>\n<meta property=\"og:image\" content=\"https:\/\/dypall.com\/wp-content\/uploads\/2024\/09\/Design-sem-nome-29.png\" \/>\n\t<meta property=\"og:image:width\" content=\"500\" \/>\n\t<meta property=\"og:image:height\" content=\"500\" \/>\n\t<meta property=\"og:image:type\" content=\"image\/png\" \/>\n<meta name=\"twitter:card\" content=\"summary_large_image\" \/>\n<meta name=\"twitter:label1\" content=\"Est. reading time\" \/>\n\t<meta name=\"twitter:data1\" content=\"1 dakika\" \/>\n<script type=\"application\/ld+json\" class=\"yoast-schema-graph\">{\"@context\":\"https:\/\/schema.org\",\"@graph\":[{\"@type\":\"WebPage\",\"@id\":\"https:\/\/dypall.com\/country\/camara-municipal-do-fundao\/\",\"url\":\"https:\/\/dypall.com\/country\/camara-municipal-do-fundao\/\",\"name\":\"C\u00e2mara Municipal do Fund\u00e3o - DYPALL Network\",\"isPartOf\":{\"@id\":\"https:\/\/dypall.com\/#website\"},\"primaryImageOfPage\":{\"@id\":\"https:\/\/dypall.com\/country\/camara-municipal-do-fundao\/#primaryimage\"},\"image\":{\"@id\":\"https:\/\/dypall.com\/country\/camara-municipal-do-fundao\/#primaryimage\"},\"thumbnailUrl\":\"https:\/\/dypall.com\/wp-content\/uploads\/2024\/09\/Design-sem-nome-29.png\",\"datePublished\":\"2024-09-30T15:04:50+00:00\",\"dateModified\":\"2024-10-01T13:33:09+00:00\",\"breadcrumb\":{\"@id\":\"https:\/\/dypall.com\/country\/camara-municipal-do-fundao\/#breadcrumb\"},\"inLanguage\":\"tr\",\"potentialAction\":[{\"@type\":\"ReadAction\",\"target\":[\"https:\/\/dypall.com\/country\/camara-municipal-do-fundao\/\"]}]},{\"@type\":\"ImageObject\",\"inLanguage\":\"tr\",\"@id\":\"https:\/\/dypall.com\/country\/camara-municipal-do-fundao\/#primaryimage\",\"url\":\"https:\/\/dypall.com\/wp-content\/uploads\/2024\/09\/Design-sem-nome-29.png\",\"contentUrl\":\"https:\/\/dypall.com\/wp-content\/uploads\/2024\/09\/Design-sem-nome-29.png\",\"width\":500,\"height\":500},{\"@type\":\"BreadcrumbList\",\"@id\":\"https:\/\/dypall.com\/country\/camara-municipal-do-fundao\/#breadcrumb\",\"itemListElement\":[{\"@type\":\"ListItem\",\"position\":1,\"name\":\"Home\",\"item\":\"https:\/\/dypall.com\/\"},{\"@type\":\"ListItem\",\"position\":2,\"name\":\"C\u00e2mara Municipal do Fund\u00e3o\"}]},{\"@type\":\"WebSite\",\"@id\":\"https:\/\/dypall.com\/#website\",\"url\":\"https:\/\/dypall.com\/\",\"name\":\"DYPALL Network\",\"description\":\"We are a European network of civil society organisations, municipalities and research institutions dedicated to improving democracy through youth participation.\",\"potentialAction\":[{\"@type\":\"SearchAction\",\"target\":{\"@type\":\"EntryPoint\",\"urlTemplate\":\"https:\/\/dypall.com\/?s={search_term_string}\"},\"query-input\":\"required name=search_term_string\"}],\"inLanguage\":\"tr\"}]}<\/script>\n<!-- \/ Yoast SEO plugin. -->","yoast_head_json":{"title":"C\u00e2mara Municipal do Fund\u00e3o - DYPALL Network","robots":{"index":"index","follow":"follow","max-snippet":"max-snippet:-1","max-image-preview":"max-image-preview:large","max-video-preview":"max-video-preview:-1"},"canonical":"https:\/\/dypall.com\/tr\/country\/camara-municipal-do-fundao\/","og_locale":"tr_TR","og_type":"article","og_title":"C\u00e2mara Municipal do Fund\u00e3o - DYPALL Network","og_description":"Fund\u00e3o as a municipality in the center of Portugal, threatened by depopulation, but with a strong and determined smart territorial innovation and youth strategy, has created an innovation ecosystem that is a reference in Portugal, attracting, IT companies, youth organizations and a serious mobility regional HUB, generating start-ups, and supporting hundreds of projects, while investing&hellip; Okumaya devam et C\u00e2mara Municipal do Fund\u00e3o","og_url":"https:\/\/dypall.com\/tr\/country\/camara-municipal-do-fundao\/","og_site_name":"DYPALL Network","article_modified_time":"2024-10-01T13:33:09+00:00","og_image":[{"width":500,"height":500,"url":"https:\/\/dypall.com\/wp-content\/uploads\/2024\/09\/Design-sem-nome-29.png","type":"image\/png"}],"twitter_card":"summary_large_image","twitter_misc":{"Est. reading time":"1 dakika"},"schema":{"@context":"https:\/\/schema.org","@graph":[{"@type":"WebPage","@id":"https:\/\/dypall.com\/country\/camara-municipal-do-fundao\/","url":"https:\/\/dypall.com\/country\/camara-municipal-do-fundao\/","name":"C\u00e2mara Municipal do Fund\u00e3o - DYPALL Network","isPartOf":{"@id":"https:\/\/dypall.com\/#website"},"primaryImageOfPage":{"@id":"https:\/\/dypall.com\/country\/camara-municipal-do-fundao\/#primaryimage"},"image":{"@id":"https:\/\/dypall.com\/country\/camara-municipal-do-fundao\/#primaryimage"},"thumbnailUrl":"https:\/\/dypall.com\/wp-content\/uploads\/2024\/09\/Design-sem-nome-29.png","datePublished":"2024-09-30T15:04:50+00:00","dateModified":"2024-10-01T13:33:09+00:00","breadcrumb":{"@id":"https:\/\/dypall.com\/country\/camara-municipal-do-fundao\/#breadcrumb"},"inLanguage":"tr","potentialAction":[{"@type":"ReadAction","target":["https:\/\/dypall.com\/country\/camara-municipal-do-fundao\/"]}]},{"@type":"ImageObject","inLanguage":"tr","@id":"https:\/\/dypall.com\/country\/camara-municipal-do-fundao\/#primaryimage","url":"https:\/\/dypall.com\/wp-content\/uploads\/2024\/09\/Design-sem-nome-29.png","contentUrl":"https:\/\/dypall.com\/wp-content\/uploads\/2024\/09\/Design-sem-nome-29.png","width":500,"height":500},{"@type":"BreadcrumbList","@id":"https:\/\/dypall.com\/country\/camara-municipal-do-fundao\/#breadcrumb","itemListElement":[{"@type":"ListItem","position":1,"name":"Home","item":"https:\/\/dypall.com\/"},{"@type":"ListItem","position":2,"name":"C\u00e2mara Municipal do Fund\u00e3o"}]},{"@type":"WebSite","@id":"https:\/\/dypall.com\/#website","url":"https:\/\/dypall.com\/","name":"DYPALL Network","description":"We are a European network of civil society organisations, municipalities and research institutions dedicated to improving democracy through youth participation.","potentialAction":[{"@type":"SearchAction","target":{"@type":"EntryPoint","urlTemplate":"https:\/\/dypall.com\/?s={search_term_string}"},"query-input":"required name=search_term_string"}],"inLanguage":"tr"}]}},"jetpack_sharing_enabled":true,"_links":{"self":[{"href":"https:\/\/dypall.com\/tr\/wp-json\/wp\/v2\/country\/7761","targetHints":{"allow":["GET"]}}],"collection":[{"href":"https:\/\/dypall.com\/tr\/wp-json\/wp\/v2\/country"}],"about":[{"href":"https:\/\/dypall.com\/tr\/wp-json\/wp\/v2\/types\/country"}],"replies":[{"embeddable":true,"href":"https:\/\/dypall.com\/tr\/wp-json\/wp\/v2\/comments?post=7761"}],"wp:featuredmedia":[{"embeddable":true,"href":"https:\/\/dypall.com\/tr\/wp-json\/wp\/v2\/media\/7838"}],"wp:attachment":[{"href":"https:\/\/dypall.com\/tr\/wp-json\/wp\/v2\/media?parent=7761"}],"wp:term":[{"taxonomy":"country_category","embeddable":true,"href":"https:\/\/dypall.com\/tr\/wp-json\/wp\/v2\/country_category?post=7761"},{"taxonomy":"lavel","embeddable":true,"href":"https:\/\/dypall.com\/tr\/wp-json\/wp\/v2\/lavel?post=7761"},{"taxonomy":"profession","embeddable":true,"href":"https:\/\/dypall.com\/tr\/wp-json\/wp\/v2\/profession?post=7761"}],"curies":[{"name":"wp","href":"https:\/\/api.w.org\/{rel}","templated":true}]}}