{"id":7797,"date":"2024-09-30T15:27:18","date_gmt":"2024-09-30T15:27:18","guid":{"rendered":"https:\/\/dypall.com\/?post_type=country&#038;p=7797"},"modified":"2024-09-30T15:27:19","modified_gmt":"2024-09-30T15:27:19","slug":"sosyal-iklim-dernegi-social-climate-association","status":"publish","type":"country","link":"https:\/\/dypall.com\/lv\/country\/sosyal-iklim-dernegi-social-climate-association\/","title":{"rendered":"Sosyal \u0130klim Derne\u011fi \u2014 Soci\u0101l\u0101 klimata asoci\u0101cija"},"content":{"rendered":"<p>Kop\u0161 t\u0101s izveides 2014. gad\u0101 Soci\u0101l\u0101 klimata asoci\u0101cija Sosyal \u0130klim Derne\u011fi ir akt\u012bvi str\u0101d\u0101jusi, lai att\u012bst\u012btu dialoga kult\u016bru starp jaunie\u0161iem, b\u0113rnu un jaunie\u0161u ties\u012bbas un l\u012bdzdal\u012bbu, klimatr\u012bc\u012bbu un taisn\u012bgumu. Soci\u0101l\u0101 klimata komanda str\u0101d\u0101 ar 9 jauniem profesion\u0101\u013ciem, 20 jauniem valdes locek\u013ciem un akt\u012bvi sadarbojas ar aptuveni 7000 br\u012bvpr\u0101t\u012bgo jaunie\u0161u 10 da\u017e\u0101d\u0101s pils\u0113t\u0101s<\/p>","protected":false},"excerpt":{"rendered":"<p>Kop\u0161 t\u0101s izveides 2014. gad\u0101 Soci\u0101l\u0101 klimata asoci\u0101cija Sosyal \u0130klim Derne\u011fi ir akt\u012bvi str\u0101d\u0101jusi, lai att\u012bst\u012btu dialoga kult\u016bru starp jaunie\u0161iem, b\u0113rnu un jaunie\u0161u ties\u012bbas un l\u012bdzdal\u012bbu, klimatr\u012bc\u012bbu un taisn\u012bgumu. Soci\u0101l\u0101 klimata komanda str\u0101d\u0101 ar 9 jauniem profesion\u0101\u013ciem, 20 jauniem valdes locek\u013ciem un akt\u012bvi sadarbojas... <a class=\"more-link\" href=\"https:\/\/dypall.com\/lv\/country\/sosyal-iklim-dernegi-social-climate-association\/\">Turpiniet las\u012bt <span class=\"screen-reader-text\">Sosyal \u0130klim Derne\u011fi \u2014 Soci\u0101l\u0101 klimata asoci\u0101cija<\/span><\/a><\/p>","protected":false},"featured_media":7798,"parent":0,"menu_order":0,"comment_status":"open","ping_status":"open","template":"","format":"standard","meta":{"_acf_changed":true},"country_category":[213],"lavel":[50],"profession":[51],"class_list":["post-7797","country","type-country","status-publish","format-standard","has-post-thumbnail","hentry","country_category-turkiye","lavel-senior","profession-civil-society-organizations","entry"],"acf":[],"yoast_head":"<!-- This site is optimized with the Yoast SEO plugin v22.8 - https:\/\/yoast.com\/wordpress\/plugins\/seo\/ -->\n<title>Sosyal \u0130klim Derne\u011fi - Social Climate Association - DYPALL Network<\/title>\n<meta name=\"robots\" content=\"index, follow, max-snippet:-1, max-image-preview:large, max-video-preview:-1\" \/>\n<link rel=\"canonical\" href=\"https:\/\/dypall.com\/lv\/country\/sosyal-iklim-dernegi-social-climate-association\/\" \/>\n<meta property=\"og:locale\" content=\"lv_LV\" \/>\n<meta property=\"og:type\" content=\"article\" \/>\n<meta property=\"og:title\" content=\"Sosyal \u0130klim Derne\u011fi - Social Climate Association - DYPALL Network\" \/>\n<meta property=\"og:description\" content=\"Since its establishment in 2014, Sosyal \u0130klim Derne\u011fi &#8211; Social Climate Association has been actively working on the development of a culture of dialogue among young people, the rights and participation of children and young people, climate action and justice. Social Climate team operates with 9 young professionals, 20 young board members and actively collaborates&hellip; Turpiniet las\u012bt Sosyal \u0130klim Derne\u011fi &#8211; Social Climate Association\" \/>\n<meta property=\"og:url\" content=\"https:\/\/dypall.com\/lv\/country\/sosyal-iklim-dernegi-social-climate-association\/\" \/>\n<meta property=\"og:site_name\" content=\"DYPALL Network\" \/>\n<meta property=\"article:modified_time\" content=\"2024-09-30T15:27:19+00:00\" \/>\n<meta property=\"og:image\" content=\"https:\/\/dypall.com\/wp-content\/uploads\/2024\/09\/Sosyal-Iklim-Logo-Png-Gaye-Tugruloz.png\" \/>\n\t<meta property=\"og:image:width\" content=\"512\" \/>\n\t<meta property=\"og:image:height\" content=\"512\" \/>\n\t<meta property=\"og:image:type\" content=\"image\/png\" \/>\n<meta name=\"twitter:card\" content=\"summary_large_image\" \/>\n<meta name=\"twitter:label1\" content=\"Est. reading time\" \/>\n\t<meta name=\"twitter:data1\" content=\"1 min\u016bte\" \/>\n<script type=\"application\/ld+json\" class=\"yoast-schema-graph\">{\"@context\":\"https:\/\/schema.org\",\"@graph\":[{\"@type\":\"WebPage\",\"@id\":\"https:\/\/dypall.com\/country\/sosyal-iklim-dernegi-social-climate-association\/\",\"url\":\"https:\/\/dypall.com\/country\/sosyal-iklim-dernegi-social-climate-association\/\",\"name\":\"Sosyal \u0130klim Derne\u011fi - Social Climate Association - DYPALL Network\",\"isPartOf\":{\"@id\":\"https:\/\/dypall.com\/#website\"},\"primaryImageOfPage\":{\"@id\":\"https:\/\/dypall.com\/country\/sosyal-iklim-dernegi-social-climate-association\/#primaryimage\"},\"image\":{\"@id\":\"https:\/\/dypall.com\/country\/sosyal-iklim-dernegi-social-climate-association\/#primaryimage\"},\"thumbnailUrl\":\"https:\/\/dypall.com\/wp-content\/uploads\/2024\/09\/Sosyal-Iklim-Logo-Png-Gaye-Tugruloz.png\",\"datePublished\":\"2024-09-30T15:27:18+00:00\",\"dateModified\":\"2024-09-30T15:27:19+00:00\",\"breadcrumb\":{\"@id\":\"https:\/\/dypall.com\/country\/sosyal-iklim-dernegi-social-climate-association\/#breadcrumb\"},\"inLanguage\":\"lv-LV\",\"potentialAction\":[{\"@type\":\"ReadAction\",\"target\":[\"https:\/\/dypall.com\/country\/sosyal-iklim-dernegi-social-climate-association\/\"]}]},{\"@type\":\"ImageObject\",\"inLanguage\":\"lv-LV\",\"@id\":\"https:\/\/dypall.com\/country\/sosyal-iklim-dernegi-social-climate-association\/#primaryimage\",\"url\":\"https:\/\/dypall.com\/wp-content\/uploads\/2024\/09\/Sosyal-Iklim-Logo-Png-Gaye-Tugruloz.png\",\"contentUrl\":\"https:\/\/dypall.com\/wp-content\/uploads\/2024\/09\/Sosyal-Iklim-Logo-Png-Gaye-Tugruloz.png\",\"width\":512,\"height\":512},{\"@type\":\"BreadcrumbList\",\"@id\":\"https:\/\/dypall.com\/country\/sosyal-iklim-dernegi-social-climate-association\/#breadcrumb\",\"itemListElement\":[{\"@type\":\"ListItem\",\"position\":1,\"name\":\"Home\",\"item\":\"https:\/\/dypall.com\/\"},{\"@type\":\"ListItem\",\"position\":2,\"name\":\"Sosyal \u0130klim Derne\u011fi &#8211; Social Climate Association\"}]},{\"@type\":\"WebSite\",\"@id\":\"https:\/\/dypall.com\/#website\",\"url\":\"https:\/\/dypall.com\/\",\"name\":\"DYPALL Network\",\"description\":\"We are a European network of civil society organisations, municipalities and research institutions dedicated to improving democracy through youth participation.\",\"potentialAction\":[{\"@type\":\"SearchAction\",\"target\":{\"@type\":\"EntryPoint\",\"urlTemplate\":\"https:\/\/dypall.com\/?s={search_term_string}\"},\"query-input\":\"required name=search_term_string\"}],\"inLanguage\":\"lv-LV\"}]}<\/script>\n<!-- \/ Yoast SEO plugin. -->","yoast_head_json":{"title":"Sosyal \u0130klim Derne\u011fi - Social Climate Association - DYPALL Network","robots":{"index":"index","follow":"follow","max-snippet":"max-snippet:-1","max-image-preview":"max-image-preview:large","max-video-preview":"max-video-preview:-1"},"canonical":"https:\/\/dypall.com\/lv\/country\/sosyal-iklim-dernegi-social-climate-association\/","og_locale":"lv_LV","og_type":"article","og_title":"Sosyal \u0130klim Derne\u011fi - Social Climate Association - DYPALL Network","og_description":"Since its establishment in 2014, Sosyal \u0130klim Derne\u011fi &#8211; Social Climate Association has been actively working on the development of a culture of dialogue among young people, the rights and participation of children and young people, climate action and justice. Social Climate team operates with 9 young professionals, 20 young board members and actively collaborates&hellip; Turpiniet las\u012bt Sosyal \u0130klim Derne\u011fi &#8211; Social Climate Association","og_url":"https:\/\/dypall.com\/lv\/country\/sosyal-iklim-dernegi-social-climate-association\/","og_site_name":"DYPALL Network","article_modified_time":"2024-09-30T15:27:19+00:00","og_image":[{"width":512,"height":512,"url":"https:\/\/dypall.com\/wp-content\/uploads\/2024\/09\/Sosyal-Iklim-Logo-Png-Gaye-Tugruloz.png","type":"image\/png"}],"twitter_card":"summary_large_image","twitter_misc":{"Est. reading time":"1 min\u016bte"},"schema":{"@context":"https:\/\/schema.org","@graph":[{"@type":"WebPage","@id":"https:\/\/dypall.com\/country\/sosyal-iklim-dernegi-social-climate-association\/","url":"https:\/\/dypall.com\/country\/sosyal-iklim-dernegi-social-climate-association\/","name":"Sosyal \u0130klim Derne\u011fi - Social Climate Association - DYPALL Network","isPartOf":{"@id":"https:\/\/dypall.com\/#website"},"primaryImageOfPage":{"@id":"https:\/\/dypall.com\/country\/sosyal-iklim-dernegi-social-climate-association\/#primaryimage"},"image":{"@id":"https:\/\/dypall.com\/country\/sosyal-iklim-dernegi-social-climate-association\/#primaryimage"},"thumbnailUrl":"https:\/\/dypall.com\/wp-content\/uploads\/2024\/09\/Sosyal-Iklim-Logo-Png-Gaye-Tugruloz.png","datePublished":"2024-09-30T15:27:18+00:00","dateModified":"2024-09-30T15:27:19+00:00","breadcrumb":{"@id":"https:\/\/dypall.com\/country\/sosyal-iklim-dernegi-social-climate-association\/#breadcrumb"},"inLanguage":"lv-LV","potentialAction":[{"@type":"ReadAction","target":["https:\/\/dypall.com\/country\/sosyal-iklim-dernegi-social-climate-association\/"]}]},{"@type":"ImageObject","inLanguage":"lv-LV","@id":"https:\/\/dypall.com\/country\/sosyal-iklim-dernegi-social-climate-association\/#primaryimage","url":"https:\/\/dypall.com\/wp-content\/uploads\/2024\/09\/Sosyal-Iklim-Logo-Png-Gaye-Tugruloz.png","contentUrl":"https:\/\/dypall.com\/wp-content\/uploads\/2024\/09\/Sosyal-Iklim-Logo-Png-Gaye-Tugruloz.png","width":512,"height":512},{"@type":"BreadcrumbList","@id":"https:\/\/dypall.com\/country\/sosyal-iklim-dernegi-social-climate-association\/#breadcrumb","itemListElement":[{"@type":"ListItem","position":1,"name":"Home","item":"https:\/\/dypall.com\/"},{"@type":"ListItem","position":2,"name":"Sosyal \u0130klim Derne\u011fi &#8211; Social Climate Association"}]},{"@type":"WebSite","@id":"https:\/\/dypall.com\/#website","url":"https:\/\/dypall.com\/","name":"DYPALL Network","description":"We are a European network of civil society organisations, municipalities and research institutions dedicated to improving democracy through youth participation.","potentialAction":[{"@type":"SearchAction","target":{"@type":"EntryPoint","urlTemplate":"https:\/\/dypall.com\/?s={search_term_string}"},"query-input":"required name=search_term_string"}],"inLanguage":"lv-LV"}]}},"jetpack_sharing_enabled":true,"_links":{"self":[{"href":"https:\/\/dypall.com\/lv\/wp-json\/wp\/v2\/country\/7797","targetHints":{"allow":["GET"]}}],"collection":[{"href":"https:\/\/dypall.com\/lv\/wp-json\/wp\/v2\/country"}],"about":[{"href":"https:\/\/dypall.com\/lv\/wp-json\/wp\/v2\/types\/country"}],"replies":[{"embeddable":true,"href":"https:\/\/dypall.com\/lv\/wp-json\/wp\/v2\/comments?post=7797"}],"wp:featuredmedia":[{"embeddable":true,"href":"https:\/\/dypall.com\/lv\/wp-json\/wp\/v2\/media\/7798"}],"wp:attachment":[{"href":"https:\/\/dypall.com\/lv\/wp-json\/wp\/v2\/media?parent=7797"}],"wp:term":[{"taxonomy":"country_category","embeddable":true,"href":"https:\/\/dypall.com\/lv\/wp-json\/wp\/v2\/country_category?post=7797"},{"taxonomy":"lavel","embeddable":true,"href":"https:\/\/dypall.com\/lv\/wp-json\/wp\/v2\/lavel?post=7797"},{"taxonomy":"profession","embeddable":true,"href":"https:\/\/dypall.com\/lv\/wp-json\/wp\/v2\/profession?post=7797"}],"curies":[{"name":"wp","href":"https:\/\/api.w.org\/{rel}","templated":true}]}}